{"id":471,"date":"2020-01-09T19:34:34","date_gmt":"2020-01-09T17:34:34","guid":{"rendered":"http:\/\/ptthungary.hu\/?page_id=471"},"modified":"2020-03-08T17:57:40","modified_gmt":"2020-03-08T15:57:40","slug":"technikai-hatter","status":"publish","type":"page","link":"http:\/\/ptthungary.hu\/index.php\/technikai-hatter\/","title":{"rendered":"Technikai h\u00e1tt\u00e9r"},"content":{"rendered":"[et_pb_section fb_built=&#8221;1&#8243; _builder_version=&#8221;3.22&#8243; fb_built=&#8221;1&#8243; _i=&#8221;0&#8243; _address=&#8221;0&#8243;][et_pb_row _builder_version=&#8221;3.25&#8243; background_size=&#8221;initial&#8221; background_position=&#8221;top_left&#8221; background_repeat=&#8221;repeat&#8221; _i=&#8221;0&#8243; _address=&#8221;0.0&#8243;][et_pb_column type=&#8221;4_4&#8243; _builder_version=&#8221;3.25&#8243; custom_padding=&#8221;|||&#8221; _i=&#8221;0&#8243; _address=&#8221;0.0.0&#8243; custom_padding__hover=&#8221;|||&#8221;][et_pb_text _builder_version=&#8221;3.27.4&#8243; background_size=&#8221;initial&#8221; background_position=&#8221;top_left&#8221; background_repeat=&#8221;repeat&#8221; custom_padding=&#8221;0px|||||&#8221; _i=&#8221;0&#8243; _address=&#8221;0.0.0.0&#8243; width=&#8221;100%&#8221;]<!-- divi:paragraph -->\n<h4><span style=\"color: #000000;\"><strong>Gyakran Ism\u00e9telt K\u00e9rd\u00e9sek<\/strong><\/span><\/h4>\n<p>&nbsp;<\/p>\n<p>Haszn\u00e1lhatom a PTTHUNGARY r\u00e1di\u00f3it Telekom, Vodafone, Telenor, UPC, vagy Digi el\u0151fizet\u00e9sekkel?<\/p>\n<p><span style=\"color: #e02b20;\"><em><strong>Term\u00e9szetesen, b\u00e1rmely el\u0151fizet\u00e9ssel haszn\u00e1lhat\u00f3ak. Egyetlen felt\u00e9tel, hogy legyen a k\u00e1rty\u00e1n internet hozz\u00e1f\u00e9r\u00e9s.<\/strong><\/em><\/span><\/p>\n<p><span style=\"color: #e02b20;\"><em><strong>Eur\u00f3p\u00e1ban, Ausztr\u00e1li\u00e1ban \u00e9s Afrik\u00e1ban a PTTHUNGARY probl\u00e9ma n\u00e9lk\u00fcl fog m\u0171k\u00f6dni.<\/strong><\/em><\/span><\/p>\n<p>&nbsp;<\/p>\n<p>Haszn\u00e1lhatom-e PTTHUNGARY szolg\u00e1ltat\u00e1s\u00e1t androidos, vagy IOS platformon?<\/p>\n<p><span style=\"color: #e02b20;\"><strong>Csak akkor, ha iPhone, iPad vagy kompatibilis norm\u00e1l android okostelefont haszn\u00e1l. Minden r\u00e1di\u00f3nknak GSM-alap\u00fa hordoz\u00f3ra van sz\u00fcks\u00e9ge.<\/strong><\/span><strong>\u00a0<\/strong><\/p>\n<p>Sz\u00fcks\u00e9ge van-e a PTTHUNGARY android r\u00e1di\u00f3knak SIM-k\u00e1rty\u00e1ra a WiFi haszn\u00e1latakor?<br \/><span style=\"color: #e02b20;\"><strong>Nem. Ha csak WiFi jelet akar haszn\u00e1lni, akkor nem sz\u00fcks\u00e9ges a SIM-k\u00e1rtya.<\/strong><\/span><\/p>\n<p>Haszn\u00e1lhatom-e a PTTHUNGARY r\u00e1di\u00f3kat, amikor h\u00e1l\u00f3zaton k\u00edv\u00fcl vagyok, p\u00e9ld\u00e1ul a tengeren?<br \/><span style=\"color: #e02b20;\"><strong>R\u00e1di\u00f3ink haszn\u00e1lat\u00e1hoz internetkapcsolat sz\u00fcks\u00e9ges. Haszn\u00e1lhat egy ilyen m\u0171holdas hotspotot, amely glob\u00e1lis lefedetts\u00e9get ny\u00fajt \u00d6nnek, m\u00e9g tengeren is, amennyiben a k\u00e9sz\u00fcl\u00e9ke alkalmas wifi adat\u00e1tvitelre.<\/strong><\/span><\/p>\n<p>Mi t\u00f6rt\u00e9nik, ha nincs internet?<br \/><span style=\"color: #e02b20;\"><strong>Ha nem kap 3G-t vagy WiFi-t, akkor sajnos nem fog csatlakozni a h\u00e1l\u00f3zathoz. El\u0151fordulhat azonban, hogy norm\u00e1l telefonk\u00e9nt is haszn\u00e1lhatja, ha elegend\u0151 GSM 2G jelet kap.<\/strong><\/span><\/p>\n<p>Mi tartozik az egyes r\u00e1di\u00f3khoz?<br \/><span style=\"color: #e02b20;\"><strong>Minden k\u00e9zi r\u00e1di\u00f3csomag tartalmaz r\u00e1di\u00f3t, t\u00f6lt\u0151t, akkumul\u00e1tort, antenn\u00e1t, \u00f6vcsipeszt \u00e9s usb-k\u00e1belt. Az aut\u00f3ba szerelhet\u0151 k\u00e9sz\u00fcl\u00e9kek tart\u00f3t, t\u00e1pk\u00e1belt \u00e9s mikrofont tartalmaznak.<\/strong><\/span><\/p>\n<p>Haszn\u00e1lhatom a saj\u00e1t android okostelefonomat ezzel a szolg\u00e1ltat\u00e1ssal?<br \/><span style=\"color: #e02b20;\"><strong>Igen. Csak telep\u00edtenie kell a PTTHUNGARY alkalmaz\u00e1st okostelefonj\u00e1ra, \u00e9s meg kell v\u00e1s\u00e1rolnia a szolg\u00e1ltat\u00e1st.<\/strong><\/span><\/p>\n<p>Haszn\u00e1lhatom a saj\u00e1t iPhone vagy iPad k\u00e9sz\u00fcl\u00e9kemet ezzel a szolg\u00e1ltat\u00e1ssal?<br \/><span style=\"color: #e02b20;\"><strong>Igen. Csak telep\u00edtenie kell a PTTHUNGARY alkalmaz\u00e1st iOS-eszk\u00f6z\u00e9re, \u00e9s meg kell v\u00e1s\u00e1rolnia a szolg\u00e1ltat\u00e1st.<\/strong><\/span><\/p>\n<p>Mi c\u00e9lt szolg\u00e1l az SOS gomb a r\u00e1di\u00f3n?<br \/><span style=\"color: #e02b20;\"><strong>Az SOS gomb riaszt\u00e1st k\u00fcld minden felhaszn\u00e1l\u00f3 sz\u00e1m\u00e1ra, megmutatva az SOS gombot megnyom\u00f3 felhaszn\u00e1l\u00f3 hely\u00e9t.<\/strong><\/span><\/p>\n<p>Mennyi adat sz\u00fcks\u00e9ges a PTTHUNGARY r\u00e1di\u00f3khoz egy h\u00f3napban?<br \/><span style=\"color: #e02b20;\"><strong>Rendszeres haszn\u00e1lathoz elegend\u0151 500 MB adatmennyis\u00e9g. Sz\u00e9ls\u0151s\u00e9ges k\u00f6r\u00fclm\u00e9nyek k\u00f6z\u00f6tt, ahol a kommunik\u00e1ci\u00f3 hossz\u00fa ideig zajlik, 1 GB-os adatmennyis\u00e9gre lehet sz\u00fcks\u00e9g.<\/strong><\/span><\/p>\n<p>Rendelkezik a rendszer online fel\u00fclettel, vagy diszp\u00e9cser programmal?<br \/><span style=\"color: #e02b20;\"><strong>Igen, telep\u00edtheti a diszp\u00e9cser programot b\u00e1rmilyen Windows PC-re, \u00e9s kapcsolatba l\u00e9phet b\u00e1rmely felhaszn\u00e1l\u00f3val, ellen\u0151rizheti a helyzet\u00fcket a t\u00e9rk\u00e9pen, a sebess\u00e9get, szem\u00e9lyes \u00fczeneteket k\u00fcldhet, priv\u00e1t \u00e9s csoportos h\u00edv\u00e1sokat kezdem\u00e9nyezhet. Rendelkez\u00e9sre \u00e1ll egy online kezel\u0151i fel\u00fclet, amely lehet\u0151v\u00e9 teszi a saj\u00e1t r\u00e1di\u00f3flotta teljes ir\u00e1ny\u00edt\u00e1s\u00e1t.<\/strong><\/span><\/p>\n<p>Ellen\u0151rizhetem a felhaszn\u00e1l\u00f3k GPS-helyzet\u00e9t?<br \/><span style=\"color: #e02b20;\"><strong>Igen, ellen\u0151rizheti az \u00f6sszes felhaszn\u00e1l\u00f3 val\u00f3s idej\u0171 hely\u00e9t, \u00e9s k\u00f6vetheti is \u0151ket.<\/strong><\/span><\/p>\n<p>Meg lehet hat\u00e1rozni a hozz\u00e1f\u00e9r\u00e9si jogokat \u00e9s a profilok enged\u00e9ly\u00e9t minden felhaszn\u00e1l\u00f3 sz\u00e1m\u00e1ra?<br \/><span style=\"color: #e02b20;\"><strong>Igen, ezeket a r\u00e9szleteket be lehet \u00e1ll\u00edtani. Az online kezel\u0151i fel\u00fclet lehet\u0151v\u00e9 teszi a r\u00e1di\u00f3\u00e1llom\u00e1ny teljes ir\u00e1ny\u00edt\u00e1s\u00e1t.<\/strong><\/span><\/p>\n<p>A PTTHUNGARY r\u00e1di\u00f3k priv\u00e1t \u00e9s csoportos h\u00edv\u00e1sokat kezdem\u00e9nyezhetnek m\u00e1s felhaszn\u00e1l\u00f3k sz\u00e1m\u00e1ra?<br \/><span style=\"color: #e02b20;\"><strong>Igen, mindk\u00e9t t\u00edpus\u00fa h\u00edv\u00e1s kezdem\u00e9nyezhet\u0151.<\/strong><\/span><\/p>\n<p>A PTTHUNGARY r\u00e1di\u00f3k k\u00fcldhetnek priv\u00e1t \u00fczeneteket m\u00e1s felhaszn\u00e1l\u00f3knak?<br \/><span style=\"color: #e02b20;\"><strong>Igen, priv\u00e1t \u00fczeneteket k\u00fcldhet b\u00e1rmely felhaszn\u00e1l\u00f3nak.<\/strong><\/span><\/p>\n<p>H\u00e1ny csoport vagy csatorna lehet? \u00c9s mekkora az egyes csatorn\u00e1k k\u00f6lts\u00e9ge?<br \/><span style=\"color: #e02b20;\"><strong>Nincs korl\u00e1toz\u00e1s. Annyi csatorn\u00e1d lehet, amennyit csak akar. Ingyenesen hozz\u00e1adhat tov\u00e1bbi besz\u00e9dcsatorn\u00e1kat.<\/strong><\/span><\/p>\n<p>Meghat\u00e1rozhatom, hogy mely felhaszn\u00e1l\u00f3k f\u00e9rhetnek hozz\u00e1 az egyes csoportokhoz vagy csatorn\u00e1khoz?<br \/><span style=\"color: #e02b20;\"><strong>Igen, meghat\u00e1rozhatja, hogy a szervezet\u00e9n bel\u00fcl mely felhaszn\u00e1l\u00f3k f\u00e9rhetnek hozz\u00e1 az egyes csatorn\u00e1idhoz. P\u00e9ld\u00e1ul lehet csatorn\u00e1ja az \u201e\u00f6sszes\u201d sz\u00e1m\u00e1ra, \u00e9s csak egy, a vezet\u00f5i csapat sz\u00e1m\u00e1ra haszn\u00e1lhat\u00f3 csatorn\u00e1val.<\/strong><\/span><\/p>\n<p><span style=\"color: #005254;\">H\u00e1ny felhaszn\u00e1l\u00f3 lehet az egyes csoportokban?<\/span><br \/><span style=\"color: #e02b20;\"><strong>Platformunk csoportonk\u00e9nt ak\u00e1r 2000 felhaszn\u00e1l\u00f3t tesz lehet\u0151v\u00e9. Egyes r\u00e1di\u00f3gy\u00e1rt\u00f3k korl\u00e1tozhatj\u00e1k a csoportonk\u00e9nti maxim\u00e1lis felhaszn\u00e1l\u00f3i sz\u00e1mot.<\/strong><\/span><\/p>\n<p>Ha t\u00f6bb csoportom van, haszn\u00e1lhat\u00f3k-e egyszerre?<br \/><span style=\"color: #e02b20;\"><strong>Igen. F\u00fcggetlen\u00fcl att\u00f3l, hogy h\u00e1ny csoporttal rendelkezik, a kommunik\u00e1ci\u00f3 egyidej\u0171leg zajlik a k\u00fcl\u00f6nb\u00f6z\u0151 csoportok k\u00f6z\u00f6tt.<\/strong><\/span><\/p>\n<p>El\u0151 kell fizetnem valamelyik szolg\u00e1ltat\u00e1st a PTTHUNGARY haszn\u00e1lat\u00e1hoz?<br \/><span style=\"color: #e02b20;\"><strong>Amellett, hogy adatforgalommal rendelkezik a mobilszolg\u00e1ltat\u00f3val, el\u0151fizetnie kell a PTTHUNGARY el\u0151fizet\u00e9s\u00fcnkre.<\/strong><\/span><\/p>\n<p>Mennyit kell fizetnem a PTTHUNGARY el\u0151fizet\u00e9s\u00e9rt?<br \/><span style=\"color: #e02b20;\"><strong>Az el\u0151fizet\u00e9si d\u00edjak honlapunkon megtekinthet\u0151ek.<\/strong><\/span><\/p>\n<p>Miben k\u00fcl\u00f6nb\u00f6zik a rendszer a norm\u00e1l telefon\u00e1l\u00e1st\u00f3l?<br \/><span style=\"color: #e02b20;\"><strong>A legkorszer\u0171bb h\u00e1l\u00f3zatunk szinte azonnali, kevesebb mint 1 m\u00e1sodpercig tart\u00f3 fel\u00e9p\u00fcl\u00e9si id\u0151t biztos\u00edt, \u00edgy az egyik r\u00e1di\u00f3n az ad\u00f3gomb megnyom\u00e1sa ut\u00e1n, az ad\u00e1s a m\u00e1sik vagy ak\u00e1r t\u00f6bb ezer felhaszn\u00e1l\u00f3n\u00e1l is azonnal megsz\u00f3lal.<\/strong><\/span><\/p>\n<p>Mi t\u00f6rt\u00e9nik, ha a szerver offline \u00e1llapotba ker\u00fcl?<br \/><span style=\"color: #e02b20;\"><strong>Ez nagyon val\u00f3sz\u00edn\u0171tlen. 21 strat\u00e9giailag elhelyezett biztons\u00e1gi ment\u00e9si szerverrel rendelkezik, amelyet a legkorszer\u0171bb IDC (Internet Data Centers) \u00fczemeltet. Szolg\u00e1ltat\u00e1si hiba eset\u00e9n sz\u00e1m\u00edthat magasan k\u00e9pzett IT-csapatunk szak\u00e9rtelm\u00e9re, valamint egy \u00e9vtizedes tapasztalatra a PTT-ben a cellul\u00e1ris (POC) iparban.<\/strong><\/span><\/p>\n<p>Hol vannak a szerverek?<br \/><span style=\"color: #e02b20;\"><strong>A PTTHUNGARY legkorszer\u0171bb helyi szerverekkel rendelkezik Ausztr\u00e1li\u00e1ban, Bangladesben, Braz\u00edli\u00e1ban, Kanad\u00e1ban, Kong\u00f3ban, Costa Ric\u00e1ban, Angli\u00e1ban, N\u00e9metorsz\u00e1gban, Hongkongban, Indi\u00e1ban, Indon\u00e9zi\u00e1ban, \u00cdrorsz\u00e1gban, Kazahszt\u00e1nban, Malajzi\u00e1ban, Nig\u00e9ri\u00e1ban, F\u00fcl\u00f6p-szigeteken, Oroszorsz\u00e1gban, Szingap\u00farban, D\u00e9lben Afrika, D\u00e9l-Korea, Tajvanon \u00e9s az Egyes\u00fclt \u00c1llamokban.<\/strong><\/span><\/p>\n<p>Hogyan fizethetek a r\u00e1di\u00f3k\u00e9rt?<br \/><span style=\"color: #e02b20;\"><strong>K\u00e9szp\u00e9nzben, vagy banki \u00e1tutal\u00e1ssal.<\/strong><\/span><\/p>\n<p>Hogyan fizethetem az el\u0151fizet\u00e9st?<br \/><span style=\"color: #e02b20;\"><strong>K\u00e9szp\u00e9nzben, vagy banki \u00e1tutal\u00e1ssal.<\/strong><\/span><\/p>\n<p><!-- \/wp:html --><\/p>\n<p>Fizethetem egy\u00fctt a r\u00e1di\u00f3kat \u00e9s az el\u0151fizet\u00e9st? \u00a0 \u00a0 \u00a0 \u00a0 \u00a0 \u00a0 \u00a0 \u00a0 \u00a0 \u00a0 \u00a0 \u00a0 \u00a0 \u00a0 \u00a0 \u00a0 \u00a0 \u00a0 \u00a0 \u00a0 \u00a0 \u00a0 \u00a0 \u00a0 \u00a0 \u00a0 \u00a0 \u00a0 \u00a0 \u00a0 \u00a0 \u00a0 \u00a0 \u00a0 \u00a0 \u00a0 \u00a0 \u00a0 \u00a0 \u00a0 \u00a0 \u00a0 \u00a0 \u00a0 \u00a0 \u00a0 \u00a0 \u00a0 \u00a0 \u00a0 \u00a0 \u00a0 \u00a0 \u00a0 \u00a0 \u00a0 \u00a0 \u00a0 \u00a0 \u00a0 \u00a0 \u00a0 \u00a0 \u00a0 \u00a0 \u00a0 \u00a0 \u00a0 \u00a0 \u00a0 \u00a0 \u00a0 \u00a0 \u00a0 \u00a0 \u00a0 \u00a0 \u00a0 \u00a0 \u00a0 \u00a0 \u00a0 \u00a0 <span style=\"color: #e02b20;\"><strong>Term\u00e9szetesen. K\u00e9szp\u00e9nzben, vagy banki \u00e1tutal\u00e1ssal.<\/strong><\/span><\/p>\n<p>Nagyon sok r\u00e1di\u00f3ra van sz\u00fcks\u00e9gem. Kipr\u00f3b\u00e1lhatom a v\u00e1s\u00e1rl\u00e1s el\u0151tt?<br \/><span style=\"color: #e02b20;\"><strong>Igen. Van lehet\u0151s\u00e9g tesztre.<\/strong><\/span><\/p>\n<p>Kaphatok ingyenes pr\u00f3baverzi\u00f3t?<br \/><span style=\"color: #e02b20;\"><strong>Ingyenes pr\u00f3baverzi\u00f3t nem tudunk adni, de van lehet\u0151s\u00e9g havi el\u0151fizet\u00e9sre.<\/strong><\/span><\/p>\n<p>Ha ma megrendel\u00e9st kapok, sz\u00e1ml\u00e1zni fognak-e ma? \u00c9s mikor kezd\u0151dik az el\u0151fizet\u00e9s?<br \/><span style=\"color: #e02b20;\"><strong>Abban a pillanatban, amikor teljes\u00edtj\u00fck a megrendel\u00e9s\u00e9t, sz\u00e1ml\u00e1zunk. Az el\u0151fizet\u00e9s csak akkor indul, amikor megkapja a r\u00e1di\u00f3t \u00e9s felk\u00e9r benn\u00fcnket, hogy aktiv\u00e1ljuk az el\u0151fizet\u00e9st.<\/strong><\/span><\/p>\n<p>Lehets\u00e9ges havi el\u0151fizet\u00e9s?<br \/><span style=\"color: #e02b20;\"><strong>Igen, van r\u00e1 lehet\u0151s\u00e9g.<\/strong><\/span><\/p>\n<p><!-- \/wp:paragraph --><\/p>\n<p><!-- wp:paragraph --><\/p>\n<p>Milyen el\u0151fizet\u00e9sek lehets\u00e9gesek? \u00a0 \u00a0 \u00a0 \u00a0 \u00a0 \u00a0 \u00a0 \u00a0 \u00a0 \u00a0 \u00a0 \u00a0 \u00a0 \u00a0 \u00a0 \u00a0 \u00a0 \u00a0 \u00a0 \u00a0 \u00a0 \u00a0 \u00a0 \u00a0 \u00a0 \u00a0 \u00a0 \u00a0 \u00a0 \u00a0 \u00a0 \u00a0 \u00a0 \u00a0 \u00a0 \u00a0 \u00a0 \u00a0 \u00a0 \u00a0 \u00a0 \u00a0 \u00a0 \u00a0 \u00a0 \u00a0 \u00a0 \u00a0 \u00a0 \u00a0 \u00a0 \u00a0 \u00a0 \u00a0 \u00a0 \u00a0 \u00a0 \u00a0 \u00a0 \u00a0 \u00a0 \u00a0 \u00a0 \u00a0 \u00a0 \u00a0 \u00a0 \u00a0 \u00a0 \u00a0 \u00a0 \u00a0 \u00a0 \u00a0 \u00a0 \u00a0 \u00a0 \u00a0 \u00a0 \u00a0 \u00a0 \u00a0 \u00a0 \u00a0 \u00a0 \u00a0 \u00a0 \u00a0 \u00a0 \u00a0 \u00a0 \u00a0 \u00a0 \u00a0 <span style=\"color: #e02b20;\"><strong>Havi, negyed\u00e9ves, f\u00e9l \u00e9ves, egy \u00e9ves, kett\u0151 \u00e9ves, h\u00e1rom \u00e9ves, n\u00e9gy \u00e9s \u00f6t \u00e9ves el\u0151fizet\u00e9sre van jelenleg lehet\u0151s\u00e9g.<\/strong><\/span><\/p>\n<p>V\u00e1s\u00e1rolhatok r\u00e1di\u00f3t PTTHUNGARY szolg\u00e1ltat\u00e1s n\u00e9lk\u00fcl?<br \/><span style=\"color: #e02b20;\"><strong>Igen, van r\u00e1lehet\u0151s\u00e9g.<\/strong><\/span><\/p>\n<p>K\u00edn\u00e1l API-hozz\u00e1f\u00e9r\u00e9st, \u00edgy a saj\u00e1t szoftverrel felhaszn\u00e1lhatom a felhaszn\u00e1l\u00f3i helyek ellen\u0151rz\u00e9s\u00e9t?<br \/><span style=\"color: #e02b20;\"><strong>Igen, hozz\u00e1f\u00e9rhet egy API-hoz saj\u00e1t geolok\u00e1ci\u00f3s megold\u00e1sainak haszn\u00e1lat\u00e1hoz.<\/strong><\/span><\/p>\n<p>Teljes duplex kommunik\u00e1ci\u00f3t k\u00edn\u00e1l?<br \/><span style=\"color: #e02b20;\"><strong>Az \u00f6sszes Android r\u00e1di\u00f3 lehet\u0151v\u00e9 teszi a rendszeres telefonh\u00edv\u00e1sokat, teljes duplex m\u00f3don. R\u00e1di\u00f3szer\u0171 kommunik\u00e1ci\u00f3 haszn\u00e1latakor a PTTHUNGARY-val minden kommunik\u00e1ci\u00f3 simplex lesz.<\/strong><\/span><\/p>\n<p>A r\u00e1di\u00f3kban kett\u0151s SIM van?<br \/><span style=\"color: #e02b20;\"><strong>R\u00e1di\u00f3ink egy r\u00e9sze kett\u0151s SIM-k\u00e1rty\u00e1t k\u00edn\u00e1l. Ellen\u0151rizze az egyes r\u00e1di\u00f3k m\u0171szaki adatait.<\/strong><\/span><\/p>\n<p>Haszn\u00e1lhatok csak 4G-os SIM-t egy csak 3G-es Android r\u00e1di\u00f3n?<br \/><span style=\"color: #e02b20;\"><strong>Igen, a r\u00e1di\u00f3 t\u00e1rcs\u00e1kon * # * # 3646633 # * # * (ez bel\u00e9p a m\u00e9rn\u00f6k men\u00fcbe) v\u00e1lassza az El\u0151nyben r\u00e9szes\u00edtett h\u00e1l\u00f3zat opci\u00f3t, majd a leg\u00f6rd\u00fcl\u0151 list\u00e1ban v\u00e1lassza a 4G LTE \/ WCDMA \/ GSM lehet\u0151s\u00e9get. Mentse el \u00e9s ind\u00edtsa \u00fajra a r\u00e1di\u00f3t.<\/strong><\/span><\/p>\n<p>Titkos\u00edtja a rendszera kommunik\u00e1ci\u00f3t?<br \/><span style=\"color: #e02b20;\"><strong>Igen, minden kommunik\u00e1ci\u00f3 titkos\u00edtva van SHA1 \u00e9s DES algoritmusokkal, \u00e9s csak a szervezet h\u00e1l\u00f3zati adminisztr\u00e1tora f\u00e9r hozz\u00e1 a kor\u00e1bbi adatokhoz az online kezel\u0151i fel\u00fcleten kereszt\u00fcl<\/strong><\/span><br \/><span style=\"color: #e02b20;\"><strong>Az \u00f6sszes hangkommunik\u00e1ci\u00f3 iOS \u00e9s Android alap\u00fa r\u00e1di\u00f3kb\u00f3l, a Dispatch szoftverb\u0151l \u00e9s szervereinkr\u0151l az RSA \u00e9s az AES titkos\u00edtva van.<\/strong><\/span><br \/><span style=\"color: #e02b20;\"><strong>R\u00e1ad\u00e1sul, amint azt tudni lehet, r\u00e1di\u00f3ink a mobilh\u00e1l\u00f3zaton kereszt\u00fcl m\u0171k\u00f6dnek, amelyet szinte lehetetlen visszafejteni.<\/strong><\/span><\/p>\n<p>Van egy nagy szervezetem. Tudom magam kezelni a platformot?<br \/><strong><span style=\"color: #e02b20;\">Igen, az \u00f6sszes felhaszn\u00e1l\u00f3t, csoportot, besz\u00e9lget\u00e9si jogokat stb. A saj\u00e1t ig\u00e9nyeinek megfelel\u0151en kezelheti az online kezel\u0151i fel\u00fclet seg\u00edts\u00e9g\u00e9vel.<\/span><\/strong><\/p>\n<p>Rendelkezem egy c\u00e9ges el\u0151fizet\u00e9ssel, amelyben l\u00e9trehoztam besz\u00e9dcsoportokat. Egy bar\u00e1tom szint\u00e9n rendelkezik c\u00e9ges el\u0151fizet\u00e9ssel, azonban \u0151 m\u00e1sik viszontelad\u00f3t\u00f3l v\u00e1s\u00e1rolta a c\u00e9ges hozz\u00e1f\u00e9r\u00e9st. Tudunk-e k\u00f6z\u00f6s besz\u00e9dcsoportot l\u00e9trehozni? \u00a0 \u00a0 \u00a0 \u00a0 \u00a0 \u00a0 \u00a0 \u00a0 \u00a0 \u00a0 \u00a0 \u00a0 \u00a0 \u00a0 \u00a0 \u00a0 \u00a0 \u00a0 \u00a0 \u00a0 \u00a0 \u00a0 \u00a0 \u00a0 \u00a0 \u00a0 \u00a0 \u00a0 \u00a0 \u00a0 \u00a0 \u00a0 \u00a0 \u00a0 \u00a0\u00a0 <span style=\"color: #e02b20;\"><strong>Igen, van lehet\u0151s\u00e9g k\u00f6z\u00f6s besz\u00e9dcsoport l\u00e9trehoz\u00e1s\u00e1ra.\u00a0<\/strong><\/span><\/p>\n<p>Kell ez nekem?<br \/><strong>Szinte biztos. A k\u00f6vetkez\u0151 ipar\u00e1gak b\u00e1rmelyike \u200b\u200bhaszn\u00e1lhatja megold\u00e1sunkat:<\/strong><\/p>\n<p>Sz\u00e1ll\u00edt\u00e1s<br \/>Fut\u00e1r, Taxi, Limo Service, Aut\u00f3ment\u0151, Vas\u00fat, Rep\u00fcl\u0151t\u00e9r, Tengeri kik\u00f6t\u0151, Fut\u00e1rc\u00e9gek, Logisztika<\/p>\n<p>\u00c9p\u00edtkez\u00e9s<br \/>\u00c9p\u00edt\u0151ipar, Cementsz\u00e1ll\u00edt\u00e1s, Elektromos, F\u00f6ldmunk\u00e1k, V\u00edzvezet\u00e9k, Tet\u0151fed\u00e9s<\/p>\n<p>Biztons\u00e1gi szolg\u00e1ltat\u00e1sok<br \/>Biztons\u00e1gi c\u00e9gek, sz\u00e1lloda, lak\u00e1s, irod\u00e1k, gy\u00e1r, sportesem\u00e9nyek, oktat\u00e1s, t\u0171zolt\u00f3s\u00e1g, polg\u00e1r\u0151rs\u00e9g<\/p>\n<p>Vend\u00e9gl\u00e1t\u00e1s<br \/>\u00c9tterem, sz\u00e1lloda, \u00fcd\u00fcl\u0151hely, bev\u00e1s\u00e1rl\u00f3 k\u00f6zpont, szupermarket<\/p>\n<p>Korm\u00e1ny<br \/>Rend\u0151rs\u00e9g, k\u00f6zter\u00fclet fel\u00fcgyelet, k\u00f6zmunk\u00e1k, v\u00edz\u00fcgyi r\u00e9szlegek<\/p>\n<p>Mag\u00e1n felhaszn\u00e1l\u00f3k<br \/>Sz\u00e1mos mag\u00e1n\u00fcgyf\u00e9l haszn\u00e1lja szolg\u00e1ltat\u00e1sainkat, hogy kapcsolatba l\u00e9pjen csal\u00e1dj\u00e1val \u00e9s bar\u00e1taival<\/p>\n<p>Ez nagyon izgalmas! Val\u00f3ban?<br \/>Igen, ez az. \u00c9s egyet kell \u00e9rten\u00fcnk: ez t\u00f6k\u00e9letes! Fizess el\u0151 m\u00e9g ma!<\/p>\n<!-- \/divi:paragraph -->[\/et_pb_text][\/et_pb_column][\/et_pb_row][\/et_pb_section]","protected":false},"excerpt":{"rendered":"<p>[et_pb_section fb_built=&#8221;1&#8243; _builder_version=&#8221;3.22&#8243; fb_built=&#8221;1&#8243; _i=&#8221;0&#8243; _address=&#8221;0&#8243;][et_pb_row _builder_version=&#8221;3.25&#8243; background_size=&#8221;initial&#8221; background_position=&#8221;top_left&#8221; background_repeat=&#8221;repeat&#8221; _i=&#8221;0&#8243; _address=&#8221;0.0&#8243;][et_pb_column type=&#8221;4_4&#8243; _builder_version=&#8221;3.25&#8243; custom_padding=&#8221;|||&#8221; _i=&#8221;0&#8243; _address=&#8221;0.0.0&#8243; custom_padding__hover=&#8221;|||&#8221;][et_pb_text _builder_version=&#8221;3.27.4&#8243; background_size=&#8221;initial&#8221; background_position=&#8221;top_left&#8221; background_repeat=&#8221;repeat&#8221; custom_padding=&#8221;0px|||||&#8221; _i=&#8221;0&#8243; _address=&#8221;0.0.0.0&#8243; width=&#8221;100%&#8221;] Gyakran Ism\u00e9telt K\u00e9rd\u00e9sek &nbsp; Haszn\u00e1lhatom a PTTHUNGARY r\u00e1di\u00f3it Telekom, Vodafone, Telenor, UPC, vagy Digi el\u0151fizet\u00e9sekkel? Term\u00e9szetesen, b\u00e1rmely el\u0151fizet\u00e9ssel haszn\u00e1lhat\u00f3ak. Egyetlen felt\u00e9tel, hogy legyen a k\u00e1rty\u00e1n internet hozz\u00e1f\u00e9r\u00e9s. Eur\u00f3p\u00e1ban, Ausztr\u00e1li\u00e1ban [&hellip;]<\/p>\n","protected":false},"author":2,"featured_media":80,"parent":0,"menu_order":0,"comment_status":"closed","ping_status":"closed","template":"","meta":{"_et_pb_use_builder":"on","_et_pb_old_content":"<!-- wp:paragraph -->\n<p>\u00dcgyfeleink saj\u00e1t webes fel\u00fclethez kapnak hozz\u00e1f\u00e9r\u00e9st, ahol kezelhetik el\u0151fizet\u00e9seiket, besz\u00e9dcsoportokat hozhatnak l\u00e9tre \u00e9s kezelhetik a csoportokhoz adott el\u0151fizet\u0151ket.<\/p>\n<!-- \/wp:paragraph -->","_et_gb_content_width":""},"yoast_head":"<!-- This site is optimized with the Yoast SEO plugin v16.1.1 - https:\/\/yoast.com\/wordpress\/plugins\/seo\/ -->\n<title>Technikai h\u00e1tt\u00e9r - PTTHungary<\/title>\n<link rel=\"canonical\" href=\"http:\/\/ptthungary.hu\/index.php\/technikai-hatter\/\" \/>\n<meta property=\"og:locale\" content=\"hu_HU\" \/>\n<meta property=\"og:type\" content=\"article\" \/>\n<meta property=\"og:title\" content=\"Technikai h\u00e1tt\u00e9r - PTTHungary\" \/>\n<meta property=\"og:description\" content=\"[et_pb_section fb_built=&#8221;1&#8243; _builder_version=&#8221;3.22&#8243; fb_built=&#8221;1&#8243; _i=&#8221;0&#8243; _address=&#8221;0&#8243;][et_pb_row _builder_version=&#8221;3.25&#8243; background_size=&#8221;initial&#8221; background_position=&#8221;top_left&#8221; background_repeat=&#8221;repeat&#8221; _i=&#8221;0&#8243; _address=&#8221;0.0&#8243;][et_pb_column type=&#8221;4_4&#8243; _builder_version=&#8221;3.25&#8243; custom_padding=&#8221;|||&#8221; _i=&#8221;0&#8243; _address=&#8221;0.0.0&#8243; custom_padding__hover=&#8221;|||&#8221;][et_pb_text _builder_version=&#8221;3.27.4&#8243; background_size=&#8221;initial&#8221; background_position=&#8221;top_left&#8221; background_repeat=&#8221;repeat&#8221; custom_padding=&#8221;0px|||||&#8221; _i=&#8221;0&#8243; _address=&#8221;0.0.0.0&#8243; width=&#8221;100%&#8221;] Gyakran Ism\u00e9telt K\u00e9rd\u00e9sek &nbsp; Haszn\u00e1lhatom a PTTHUNGARY r\u00e1di\u00f3it Telekom, Vodafone, Telenor, UPC, vagy Digi el\u0151fizet\u00e9sekkel? Term\u00e9szetesen, b\u00e1rmely el\u0151fizet\u00e9ssel haszn\u00e1lhat\u00f3ak. Egyetlen felt\u00e9tel, hogy legyen a k\u00e1rty\u00e1n internet hozz\u00e1f\u00e9r\u00e9s. Eur\u00f3p\u00e1ban, Ausztr\u00e1li\u00e1ban [&hellip;]\" \/>\n<meta property=\"og:url\" content=\"http:\/\/ptthungary.hu\/index.php\/technikai-hatter\/\" \/>\n<meta property=\"og:site_name\" content=\"PTTHungary\" \/>\n<meta property=\"article:modified_time\" content=\"2020-03-08T15:57:40+00:00\" \/>\n<meta property=\"og:image\" content=\"http:\/\/ptthungary.hu\/wp-content\/uploads\/2019\/09\/web-dev-27.png\" \/>\n\t<meta property=\"og:image:width\" content=\"1920\" \/>\n\t<meta property=\"og:image:height\" content=\"1021\" \/>\n<meta name=\"twitter:card\" content=\"summary_large_image\" \/>\n<meta name=\"twitter:label1\" content=\"Becs\u00fclt olvas\u00e1si id\u0151\">\n\t<meta name=\"twitter:data1\" content=\"9 perc\">\n<script type=\"application\/ld+json\" class=\"yoast-schema-graph\">{\"@context\":\"https:\/\/schema.org\",\"@graph\":[{\"@type\":\"WebSite\",\"@id\":\"http:\/\/ptthungary.hu\/#website\",\"url\":\"http:\/\/ptthungary.hu\/\",\"name\":\"PTTHungary\",\"description\":\"hamarosan el\\u00e9rhet\\u0151 lesz\",\"potentialAction\":[{\"@type\":\"SearchAction\",\"target\":\"http:\/\/ptthungary.hu\/?s={search_term_string}\",\"query-input\":\"required name=search_term_string\"}],\"inLanguage\":\"hu\"},{\"@type\":\"ImageObject\",\"@id\":\"http:\/\/ptthungary.hu\/index.php\/technikai-hatter\/#primaryimage\",\"inLanguage\":\"hu\",\"url\":\"http:\/\/ptthungary.hu\/wp-content\/uploads\/2019\/09\/web-dev-27.png\",\"contentUrl\":\"http:\/\/ptthungary.hu\/wp-content\/uploads\/2019\/09\/web-dev-27.png\",\"width\":1920,\"height\":1021},{\"@type\":\"WebPage\",\"@id\":\"http:\/\/ptthungary.hu\/index.php\/technikai-hatter\/#webpage\",\"url\":\"http:\/\/ptthungary.hu\/index.php\/technikai-hatter\/\",\"name\":\"Technikai h\\u00e1tt\\u00e9r - PTTHungary\",\"isPartOf\":{\"@id\":\"http:\/\/ptthungary.hu\/#website\"},\"primaryImageOfPage\":{\"@id\":\"http:\/\/ptthungary.hu\/index.php\/technikai-hatter\/#primaryimage\"},\"datePublished\":\"2020-01-09T17:34:34+00:00\",\"dateModified\":\"2020-03-08T15:57:40+00:00\",\"breadcrumb\":{\"@id\":\"http:\/\/ptthungary.hu\/index.php\/technikai-hatter\/#breadcrumb\"},\"inLanguage\":\"hu\",\"potentialAction\":[{\"@type\":\"ReadAction\",\"target\":[\"http:\/\/ptthungary.hu\/index.php\/technikai-hatter\/\"]}]},{\"@type\":\"BreadcrumbList\",\"@id\":\"http:\/\/ptthungary.hu\/index.php\/technikai-hatter\/#breadcrumb\",\"itemListElement\":[{\"@type\":\"ListItem\",\"position\":1,\"item\":{\"@type\":\"WebPage\",\"@id\":\"http:\/\/ptthungary.hu\/\",\"url\":\"http:\/\/ptthungary.hu\/\",\"name\":\"Home\"}},{\"@type\":\"ListItem\",\"position\":2,\"item\":{\"@type\":\"WebPage\",\"@id\":\"http:\/\/ptthungary.hu\/index.php\/technikai-hatter\/\",\"url\":\"http:\/\/ptthungary.hu\/index.php\/technikai-hatter\/\",\"name\":\"Technikai h\\u00e1tt\\u00e9r\"}}]}]}<\/script>\n<!-- \/ Yoast SEO plugin. -->","_links":{"self":[{"href":"http:\/\/ptthungary.hu\/index.php\/wp-json\/wp\/v2\/pages\/471"}],"collection":[{"href":"http:\/\/ptthungary.hu\/index.php\/wp-json\/wp\/v2\/pages"}],"about":[{"href":"http:\/\/ptthungary.hu\/index.php\/wp-json\/wp\/v2\/types\/page"}],"author":[{"embeddable":true,"href":"http:\/\/ptthungary.hu\/index.php\/wp-json\/wp\/v2\/users\/2"}],"replies":[{"embeddable":true,"href":"http:\/\/ptthungary.hu\/index.php\/wp-json\/wp\/v2\/comments?post=471"}],"version-history":[{"count":23,"href":"http:\/\/ptthungary.hu\/index.php\/wp-json\/wp\/v2\/pages\/471\/revisions"}],"predecessor-version":[{"id":1042,"href":"http:\/\/ptthungary.hu\/index.php\/wp-json\/wp\/v2\/pages\/471\/revisions\/1042"}],"wp:featuredmedia":[{"embeddable":true,"href":"http:\/\/ptthungary.hu\/index.php\/wp-json\/wp\/v2\/media\/80"}],"wp:attachment":[{"href":"http:\/\/ptthungary.hu\/index.php\/wp-json\/wp\/v2\/media?parent=471"}],"curies":[{"name":"wp","href":"https:\/\/api.w.org\/{rel}","templated":true}]}}